{"id":2482,"date":"2020-03-07T19:42:05","date_gmt":"2020-03-07T18:42:05","guid":{"rendered":"https:\/\/www.vakisk.hu\/?page_id=2482"},"modified":"2020-03-21T09:45:18","modified_gmt":"2020-03-21T08:45:18","slug":"oregdiakjaink-akikre-buszkek-vagyunk","status":"publish","type":"page","link":"https:\/\/www.vakisk.hu\/?page_id=2482","title":{"rendered":"\u00d6regdi\u00e1kjaink, akikre b\u00fcszk\u00e9k vagyunk"},"content":{"rendered":"\n<p>Az al\u00e1bbi oldalon \u00faj rovatunkat olvashatj\u00e1k, amelyben olyan r\u00e9gi di\u00e1kjainkra eml\u00e9kez\u00fcnk, akikre ma is m\u00e9lt\u00e1n vagyunk b\u00fcszk\u00e9k, hogy falaink k\u00f6z\u00f6tt tudhattuk \u0151ket. A lista jelenleg is tekint\u00e9lyes, de igyeksz\u00fcnk a j\u00f6v\u0151ben folyamatosan b\u0151v\u00edteni \u00fajabb nevekkel, k\u00e9pekkel, egy\u00e9b sz\u00ednes sztorikkal. Mivel \u00f6regdi\u00e1kjainkr\u00f3l sok esetben jelent meg a m\u00e9di\u00e1ban cikk, riport, \u00edgy azokb\u00f3l is v\u00e1logattunk.<\/p>\n\n\n\n<h2 class=\"wp-block-heading\">A Szarkal\u00e1b<\/h2>\n\n\n\n<p><strong>Nagy J\u00f3zsef <\/strong>a h\u00faros hangszerek szerelmese. Hat \u00e9s tizenk\u00e9t h\u00faros git\u00e1ron, buzukin \u00e9s mandolinon j\u00e1tszik. A l\u00e1t\u00e1ss\u00e9r\u00fcltekhez szint\u00e9n k\u00f6t\u0151dik. A 80-as \u00e9vek v\u00e9g\u00e9n m\u00e1r a Vakok \u00c1ltal\u00e1nos Iskol\u00e1j\u00e1ban dolgozott. 1985-t\u0151l 1990-ig szabad idej\u00e9ben \u00fagynevezett zenei klubot szervezett a muzsik\u00e1ra fog\u00e9kony di\u00e1koknak. Versmegzen\u00e9s\u00edt\u00e9seket \u00e9s n\u00e9pzenei ihletetts\u00e9g\u0171 muzsik\u00e1t j\u00e1tszottak a gyerekek.  Ez a Szarkal\u00e1b megalakul\u00e1s\u00e1nak el\u0151zm\u00e9nye, mes\u00e9lte el Nagy J\u00f3zsef a t\u00f6rt\u00e9netet.<\/p>\n\n\n\n<p><a href=\"https:\/\/www.vakisk.hu\/?page_id=2483\">&#8222;Gondoltam egyet, csin\u00e1ljunk egy zenekart!&#8221;<\/a><\/p>\n\n\n\n<h2 class=\"wp-block-heading\">Az Ungaria zongoran\u00e9gyes<\/h2>\n\n\n\n<p>Az Ungaria zongoran\u00e9gyes k\u00fcl\u00f6nleges; k\u00e9tszer n\u00e9gykezes egy\u00fcttes.<\/p>\n\n\n\n<p>A n\u00e9gy magyar pianista kezdetben a vakok Hom\u00e9rosz k\u00f3rus\u00e1ban \u00e9nekelt egy\u00fctt. Kamara\u00e9nekl\u00e9s ir\u00e1nti v\u00e1gyukb\u00f3l sz\u00fcletett a szokatlan hangszeres egy\u00fcttes. Nev\u00fcket nagy el\u0151dj\u00fck, az Eur\u00f3pa-szerte ismert Chopin j\u00e1t\u00e9kos, <strong>Ung\u00e1r Imre <\/strong>vak zongoram\u0171v\u00e9sz eml\u00e9ke ir\u00e1nti tiszteletb\u0151l v\u00e1lasztott\u00e1k.<\/p>\n\n\n\n<p>A muzsikusok h\u00e1rom k\u00fcl\u00f6nb\u00f6z\u0151 v\u00e1rosban \u00e9lnek \u00e9s tan\u00edtanak. Reperto\u00e1rjukon az ig\u00e9nyes m\u0171v\u00e9szi zene mellett a k\u00f6nnyed hangv\u00e9tel\u0171, n\u00e9pszer\u0171 darabok is megtal\u00e1lhat\u00f3k. \u00c1tiratokon t\u00fal kort\u00e1rs szerz\u0151k eredeti kompoz\u00edci\u00f3i gazdag\u00edtj\u00e1k palett\u00e1jukat. M\u0171sorukb\u00f3l a Magyar R\u00e1di\u00f3 \u00e9s Telev\u00edzi\u00f3 is felv\u00e9telt k\u00e9sz\u00edtett m\u00e1r. Az egy\u00fcttes m\u0171k\u00f6d\u00e9se itthon \u00e9s k\u00fclf\u00f6ld\u00f6n is ismert volt.<\/p>\n\n\n\n<p>Tev\u00e9kenys\u00e9g\u00fcket a budapesti Vakok Iskol\u00e1j\u00e1ban m\u0171k\u00f6d\u0151 Sz\u00f3l a Sz\u00edv Alap\u00edtv\u00e1ny is t\u00e1mogatta. Az orsz\u00e1gban tartott hangversenyeik bev\u00e9tel\u00e9t a vak gyermekek t\u00e1mogat\u00e1s\u00e1ra ford\u00edtj\u00e1k.<\/p>\n\n\n\n<p><strong>A zongoran\u00e9gyes tagjai: N\u00e9meth Tam\u00e1s, Farkas M\u00e1ty\u00e1s, Lakatos Tam\u00e1s \u00e9s Magyar Csaba.<\/strong><\/p>\n\n\n\n<p>Megjelent a Tolnai N\u00e9p\u00fajs\u00e1gban \u00e9s a Vakok Vil\u00e1ga has\u00e1bjain 1997. december\u00e9ben.<\/p>\n\n\n\n<h2 class=\"wp-block-heading\">Bocskai Imre zenetan\u00e1r (1914-1992)<\/h2>\n\n\n\n<p> <strong>Bocskai Imre <\/strong>1914.  febru\u00e1r 2-\u00e1n sz\u00fcletett Budapesten. A t\u00f6k\u00e9letesen eg\u00e9szs\u00e9ges, \u00e9l\u00e9nk  gyermeket hat\u00e9ves kor\u00e1ban el\u00e9rte a spanyol j\u00e1rv\u00e1ny, ami  l\u00e1t\u00f3ideg-sorvad\u00e1s k\u00f6vetkezt\u00e9ben a megvakul\u00e1s\u00e1hoz vezetett. Az  iskol\u00e1skor\u00fa kisfi\u00fa \u00edgy a Vakok J\u00f3zsef N\u00e1dor Kir\u00e1lyi Orsz\u00e1gos Int\u00e9zet\u00e9be  ker\u00fclt. Itt kezdte zenei tanulm\u00e1nyait is, amelyekben hamar kit\u0171nt. Az  \u00f6sszhangzattant p\u00e9ld\u00e1ul h\u00e1rom nap alatt saj\u00e1t\u00edtotta el egy n\u00e9met nyelv\u0171  tank\u00f6nyvb\u0151l. <strong>J\u00e1rmer Lajos, Schnitzl Guszt\u00e1v \u00e9s Greizinger Istv\u00e1n <\/strong>alapozta meg zongora-, orgona- \u00e9s von\u00f3shangszer tud\u00e1s\u00e1t, valamint \u00e1ltal\u00e1nos zenei ismereteit.<\/p>\n\n\n\n<p><a href=\"https:\/\/www.vakisk.hu\/?page_id=2489\">Az int\u00e9zeti mis\u00e9khez abban az id\u0151ben&#8230;<\/a><\/p>\n\n\n\n<h2 class=\"wp-block-heading\">B\u00f3di Istv\u00e1n, dr. (1929-1997)<\/h2>\n\n\n\n<p>Dr. B\u00f3di Istv\u00e1n 1929. november 14-\u00e9n sz\u00fcletett Recsken, szeg\u00e9ny csal\u00e1db\u00f3l. \u00c1cs \u00e9desapj\u00e1t kor\u00e1n elvesztette. \u00d6zvegy \u00e9desanyj\u00e1val \u00e9s S\u00e1ndor b\u00e1tyj\u00e1val szeret\u0151 csal\u00e1dban nevelkedett. A k\u00e9t gyermek nevel\u00e9se \u00e9desanyj\u00e1t\u00f3l nagy \u00e1ldozatot k\u00f6vetelt. Vaks\u00e1ga miatt elemi tanulm\u00e1nyait Budapesten, a vakok iskol\u00e1j\u00e1ban v\u00e9gezte. Elemi iskolai viszonylatban kiv\u00e1l\u00f3an zongor\u00e1zott.<\/p>\n\n\n\n<p><a href=\"https:\/\/www.vakisk.hu\/?page_id=2505\">M\u00e1r gyerekkor\u00e1ban is szerette&#8230;<\/a><\/p>\n\n\n\n<h2 class=\"wp-block-heading\">Csan\u00e1di J\u00f3zsef<\/h2>\n\n\n\n<p><strong>Csan\u00e1di J\u00f3zsef <\/strong>a Vakok \u00c1ltal\u00e1nos Iskol\u00e1j\u00e1ban v\u00e9gzett, majd Debrecenbe ker\u00fclt k\u00e1rpitos szakmunk\u00e1stanul\u00f3nak. Kezdetben a Vakok Int\u00e9zet\u00e9ben lakott, k\u00e9s\u0151bb lak\u00e1st szerzett \u00e9s csal\u00e1dot alap\u00edtott. Sorst\u00e1rs feles\u00e9g\u00e9vel egy\u00fctt nagy gonddal nevelt\u00e9k gyermek\u00fcket. Kezdett\u0151l fogva k\u00f6z\u00f6ss\u00e9gi ember, gyermekkor\u00e1t\u00f3l a vakok k\u00f6z\u00f6tt dolgozott, j\u00e1rt a kult\u00farcsoporttal, megyei k\u00fcld\u00f6tt \u00e9s eln\u00f6ks\u00e9gi tag volt, majd a megyei szervezet eln\u00f6ke lett.<\/p>\n\n\n\n<p>Hossz\u00fa munk\u00e1ss\u00e1ga alatt, maradv\u00e1ny l\u00e1t\u00e1s\u00e1t hasznos\u00edtva, mindig seg\u00edtette sorst\u00e1rsait, r\u00e9szt vett a sz\u00f6vets\u00e9g \u00e9let\u00e9ben. Egyenes, ny\u00edlt, meggondolt v\u00e9lem\u00e9ny\u00e9vel seg\u00edtette a munk\u00e1t. Mindig lehetett r\u00e1 sz\u00e1m\u00edtani, ak\u00e1r ha termet kellett rendezni, vagy ha megyei szervezetet tan\u00e1cskoz\u00e1son k\u00e9pviselni. Kor\u00e1bbi kit\u00fcntet\u00e9sei ut\u00e1n m\u00e9g \u00e1tvehette a Braille-Eml\u00e9k\u00e9rem arany fokozat\u00e1t.<\/p>\n\n\n\n<p>Vakok Vil\u00e1ga, 1995. m\u00e1jus<\/p>\n\n\n\n<h2 class=\"wp-block-heading\">Csokonai Vit\u00e9z Gizella k\u00f6lt\u0151 (1894-1965)<\/h2>\n\n\n\n<p><strong>Csokonai Vit\u00e9z Gizella <\/strong>1894. j\u00fanius 19-\u00e9n sz\u00fcletett Hajd\u00faszoboszl\u00f3n. A nagy magyar k\u00f6lt\u0151, Csokonai Vit\u00e9z Mih\u00e1ly oldal\u00e1gi lesz\u00e1rmazottja. M\u00e9g kicsi gyermekk\u00e9nt, n\u00e9gy \u00e9ves kor\u00e1ban vesz\u00edtette el l\u00e1t\u00e1s\u00e1t. Elemi iskolai tanulm\u00e1nyait a Vakok Iskol\u00e1j\u00e1ban v\u00e9gezte Budapesten. Ezut\u00e1n a Vakokat Gy\u00e1mol\u00edt\u00f3 Orsz\u00e1gos Egyes\u00fcletben dolgozott: el\u0151sz\u00f6r korrektork\u00e9nt a Braille nyomd\u00e1ban, majd k\u00e9s\u0151bb g\u00e9p\u00edr\u00f3 \u00e9s t\u00e1v\u00edr\u00e1sz lett. Egy ideig az int\u00e9zm\u00e9ny Ida utca 5. sz. alatt l\u00e9v\u0151 \u00e9p\u00fclet\u00e9ben m\u0171k\u00f6d\u0151 \u201eT\u00e1rsas K\u00f6r\u201d Braille-k\u00f6nyvt\u00e1rosa.<\/p>\n\n\n\n<p>Az 1928-ban megalakult Vakok Hom\u00e9rosz K\u00f3rus\u00e1nak egyik alap\u00edt\u00f3 tagja. Csokonai Vit\u00e9z Gizella m\u00e1r eg\u00e9szen fiatalon verseket \u00edrt. A f\u00e9nytelens\u00e9g vil\u00e1g\u00e1b\u00f3l c\u00edmmel 1931-ben jelent meg egy kis verses k\u00f6tete, amelyhez Herczeg Ferenc, a kor kedvelt \u00e9s jeles \u00edr\u00f3ja \u00edrt el\u0151sz\u00f3t. E k\u00f6tet Braille-\u00edr\u00e1ssal is elk\u00e9sz\u00fclt, de sajnos az id\u0151k folyam\u00e1n elveszett.<\/p>\n\n\n\n<p>Versei a korabeli Vakok Vil\u00e1g\u00e1ban \u00e9s egyh\u00e1zi lapokban is megjelentek. Az 1992-ben, az MVGYOSZ \u00e1ltal kiadott \u201e\u00d3da a f\u00e9nyhez\u201d c\u00edm\u0171 vak k\u00f6lt\u0151k antol\u00f3gi\u00e1j\u00e1ban is szerepel Csokonai Vit\u00e9z Gizella n\u00e9h\u00e1ny k\u00f6ltem\u00e9nye.<\/p>\n\n\n\n<p>K\u00f6lt\u0151n\u0151nk, sorst\u00e1rsunk 1965. \u00e1prilis 5-\u00e9n halt meg Budapesten.<\/p>\n\n\n\n<p>(\u2026)<\/p>\n\n\n\n<p>Lak Istv\u00e1n, 100 \u00e9ve sz\u00fcletett Csokonai Vit\u00e9z Gizella c\u00edm\u0171, a Vakok Vil\u00e1g\u00e1ban, 1994. j\u00falius\u00e1ban megjelent cikke alapj\u00e1n.<\/p>\n\n\n\n<h2 class=\"wp-block-heading\">D\u00e9nes J\u00f3zsef dr., sportol\u00f3, nyomd\u00e1sz<\/h2>\n\n\n\n<p><a href=\"https:\/\/www.vakisk.hu\/?page_id=2494\">Neve \u00f6sszeforrt a vakok sportmozgalm\u00e1val. A sors kif\u00fcrk\u00e9szhetetlen akarat\u00e1b\u00f3l cs\u00f6ppent a l\u00e1t\u00e1ss\u00e9r\u00fcltek k\u00f6z\u00f6ss\u00e9g\u00e9be.<\/a><\/p>\n\n\n\n<h2 class=\"wp-block-heading\">G\u00e1l Imre, tan\u00e1r<\/h2>\n\n\n\n<p>A Heves megy\u00e9ben l\u00e9v\u0151 Recsk nev\u00e9nek hallat\u00e1n feltehet\u0151leg azonnal esz\u00fcnkbe jut a r\u00e9zb\u00e1nya, \u00e9s az 50-es \u00e9vek h\u00edrhedt intern\u00e1l\u00f3 t\u00e1bora. Itt l\u00e1tta meg a napvil\u00e1got G\u00e1l Imre. Sok\u00e1ig egyed\u00fcli gyermekk\u00e9nt nevelkedett szeretetteljes l\u00e9gk\u00f6rben. A II. vil\u00e1gh\u00e1bor\u00fa befejez\u00e9se ut\u00e1n sz\u00fcletett m\u00e9g k\u00e9t \u00f6ccse. Egyik\u00fck kert\u00e9szm\u00e9rn\u00f6k, a m\u00e1sik n\u0151gy\u00f3gy\u00e1sz-onkol\u00f3gus orvos. Testv\u00e9reivel a nagy kork\u00fcl\u00f6nbs\u00e9g ellen\u00e9re a mai napig szoros a csal\u00e1di k\u00f6tel\u00e9k.<\/p>\n\n\n\n<p><a href=\"https:\/\/www.vakisk.hu\/?page_id=2521\">G\u00e1l Imre kisgyermek, amikor&#8230;<\/a><\/p>\n\n\n\n<h2 class=\"wp-block-heading\">Greizinger Istv\u00e1n, zenetan\u00e1r (1892-1977)<\/h2>\n\n\n\n<p><strong>Greizinger Istv\u00e1n <\/strong>Beregsz\u00e1szon sz\u00fcletett 1892 j\u00falius 23-\u00e1n. L\u00e1t\u00e1s\u00e1t m\u00e1r gyermekkor\u00e1ban elvesz\u00edtette. Az elemi \u00e9s a k\u00f6z\u00e9piskol\u00e1t \u00dajpesten v\u00e9gezte. A Zenem\u0171v\u00e9szeti F\u0151iskol\u00e1n tan\u00e1ri diplom\u00e1t szerzett, majd a vakok iskol\u00e1j\u00e1ban tan\u00edtott t\u00f6bb mint 5 \u00e9vtizeden \u00e1t.<\/p>\n\n\n\n<p>Az 1910-es \u00e9vekben kezdett verseket is \u00edrni, melyek k\u00f6z\u00fcl j\u00f3 n\u00e9h\u00e1ny a sz\u00f6vets\u00e9g \u00fajs\u00e1gjaiban is megjelent.<\/p>\n\n\n\n<p>1977 m\u00e1rcius 19-\u00e9n halt meg Budapesten.<\/p>\n\n\n\n<p><a href=\"https:\/\/www.vakisk.hu\/?page_id=2528\">Nagyon sokan ismert\u00e9k \u0151t azok, akik&#8230;<\/a><\/p>\n\n\n\n<h2 class=\"wp-block-heading\">Gubuznai Imre (1952-1999)<\/h2>\n\n\n\n<p><strong>Gubuznai Imre <\/strong>1952 szeptember 6-\u00e1n sz\u00fcletett Gar\u00e1n. \u00d6t\u00e9ves kor\u00e1ban elvesztette l\u00e1t\u00e1s\u00e1t. A vakok \u00e1ltal\u00e1nos iskol\u00e1j\u00e1nak elv\u00e9gz\u00e9se ut\u00e1n (1969) r\u00f6vid ideig telefonkezel\u0151k\u00e9nt dolgozott, majd k\u00e9t \u00e9vvel k\u00e9s\u0151bb a Braille-nyomd\u00e1ba ker\u00fclt. E szakma elsaj\u00e1t\u00edt\u00e1sa ut\u00e1n, 1974-ben eredm\u00e9nyes szakmunk\u00e1svizsg\u00e1t tett, k\u00f6zben 1973-ban le\u00e9retts\u00e9gizett a gimn\u00e1zium esti tagozat\u00e1n. 1978 \u00f3ta nyomdavezet\u0151k\u00e9nt dolgozott.<\/p>\n\n\n\n<p>Sokir\u00e1ny\u00fa \u00e9rdekl\u0151d\u00e9s\u00e9t mutatja, hogy fiatal kor\u00e1t\u00f3l fogva sakkozott a Wessel\u00e9nyi Sportk\u00f6rben, tagja volt az 1981. \u00e9vi I. Cs\u00f6rg\u0151labda (Goalball) Eur\u00f3pa-bajnoks\u00e1got nyert magyar csapatnak. Az \u00e1ltal\u00e1nos iskola befejez\u00e9s\u00e9t k\u00f6vet\u0151en r\u00f6vid ideig sz\u00f3rakoztat\u00f3-zen\u00e9szk\u00e9nt is dolgozott, 1988-ban r\u00e1di\u00f3amat\u0151r-vizsg\u00e1t tett.<\/p>\n\n\n\n<p>A gyeng\u00e9nl\u00e1t\u00f3 Bakos \u00c9v\u00e1val 1974-ben k\u00f6t\u00f6tt h\u00e1zass\u00e1got, le\u00e1nyuk, Katalin 1978-ban sz\u00fcletett.<\/p>\n\n\n\n<p>Szerette a kertet, benne \u00f6r\u00f6mmel kert\u00e9szkedett.<\/p>\n\n\n\n<p>Vakok Vil\u00e1ga, 1999 j\u00fanius<\/p>\n\n\n\n<h2 class=\"wp-block-heading\">Hohl J\u00f3zsef dr., filoz\u00f3fia- \u00e9s zenetan\u00e1r (1942-2007)<\/h2>\n\n\n\n<p><strong>Hohl J\u00f3zsef <\/strong>1942-ben sz\u00fcletett B\u00e9k\u00e9scsab\u00e1n. K\u00e9t\u00e9vesen vesz\u00edtette el l\u00e1t\u00e1s\u00e1t balesetben. A budapesti Vakok Int\u00e9zet\u00e9ben (iskol\u00e1j\u00e1ban) v\u00e9gezte alapfok\u00fa tanulm\u00e1nyait.<\/p>\n\n\n\n<p>Zongor\u00e1zni Zich\u00f3 tan\u00e1r \u00farn\u00e1l kezdett. Kit\u0171n\u0151 sakkoz\u00f3, szorgalmas eszperantista, \u00e9s akkoriban a legjobb olvas\u00f3 volt.<\/p>\n\n\n\n<p>Nagy \u00e9rdekl\u0151d\u00e9ssel olvasta az \u00f3g\u00f6r\u00f6g b\u00f6lcsel\u0151ket: Platont, Aristotelest. \u00c9letre sz\u00f3l\u00f3 \u00e9rdekl\u0151d\u00e9s \u00e9bredt benne a filoz\u00f3fia \u00e9s logika tudom\u00e1nya ir\u00e1nt.<\/p>\n\n\n\n<p>Zenei tehets\u00e9ge r\u00e9v\u00e9n 1967-ben Miskolcon zenetan\u00e1ri diplom\u00e1t szerzett zongoraszakon. M\u00e9g ez \u00e9vben felv\u00e9telt nyer az ELTE B\u00f6lcs\u00e9szettudom\u00e1nyi Kar\u00e1nak filoz\u00f3fia szak\u00e1ra. F\u00e9l\u00e9ves kilincsel\u00e9s ut\u00e1n a mez\u0151k\u00f6vesdi zeneiskol\u00e1ban kap \u00e1ll\u00e1st.<\/p>\n\n\n\n<p>1972-ben \u00e1tvehette filoz\u00f3fiaoktat\u00f3i diplom\u00e1j\u00e1t. Tud\u00e1sszomja nem csillapult, angol nyelv\u0171 szakirodalomb\u00f3l is k\u00e9pezte mag\u00e1t. 1981-ben a logika tudom\u00e1ny\u00e1nak doktor\u00e1v\u00e1 avatt\u00e1k &#8222;summa cum laude&#8221; min\u0151s\u00edt\u00e9ssel. Ezzel egy id\u0151ben posztgradu\u00e1lis k\u00e9pz\u00e9sben eszt\u00e9tikai el\u0151ad\u00f3i c\u00edmet szerez. Eredm\u00e9nyei elismer\u00e9sek\u00e9nt a Liszt Ferenc Zenem\u0171v\u00e9szeti F\u0151iskola miskolci tagozat\u00e1nak adjunktus\u00e1v\u00e1 nevezik ki.<\/p>\n\n\n\n<p>1975-ben csal\u00e1dot alap\u00edt. Feles\u00e9ge k\u00f6z\u00e9piskolai tan\u00e1r. 1976-ban kinevez\u00e9st kap a miskolci zeneiskol\u00e1ba. K\u00e9t \u00e9v m\u00falva \u00f3raad\u00f3k\u00e9nt alkalmazz\u00e1k a Zenem\u0171v\u00e9szeti F\u0151iskol\u00e1n mindk\u00e9t diplom\u00e1j\u00e1t hasznos\u00edtva.<\/p>\n\n\n\n<p>A 80-as \u00e9vek k\u00f6zep\u00e9t\u0151l \u00e9rdekl\u0151d\u00e9ssel fordult az informatika fel\u00e9. T\u00f6bb cikluson \u00e1t volt a sz\u00f6vets\u00e9g orsz\u00e1gos eln\u00f6ks\u00e9g\u00e9nek tagja. Muzsikusk\u00e9nt is jelen volt a kultur\u00e1lis \u00e9letben. Sz\u00e1mos kiv\u00e1l\u00f3 di\u00e1kot nevelt, akik tisztelettel n\u00e9ztek fel r\u00e1.<\/p>\n\n\n\n<p>K\u00e9pviselte haz\u00e1nkat a nemzetk\u00f6zi eszperant\u00f3 kongresszusokon is. A tudom\u00e1ny mellett a zenem\u0171v\u00e9szet volt sz\u00e1m\u00e1ra a felt\u00f6lt\u0151d\u00e9s, \u00e9rzelmi kiteljesed\u00e9s forr\u00e1sa, kiv\u00e1lt Bach, Wagner \u00e9s Bart\u00f3k muzsik\u00e1ja.<\/p>\n\n\n\n<p>2007-ben hunyt el, v\u00e1ratlanul.<\/p>\n\n\n\n<p>N\u00e9meth Tam\u00e1s cikk\u00e9nek alapj\u00e1n, amely megjelent a Vakok Vil\u00e1ga, 2008 janu\u00e1ri sz\u00e1m\u00e1ban.<\/p>\n\n\n\n<h2 class=\"wp-block-heading\">J\u00e1ks\u00f3 L\u00e1szl\u00f3 dr. (1923-2002)<\/h2>\n\n\n\n<p><strong>dr. J\u00e1ks\u00f3 L\u00e1szl\u00f3 <\/strong>1923. \u00e1prilis 14-\u00e9n sz\u00fcletett Mak\u00f3n. H\u00e9t\u00e9ves volt, amikor l\u00e1t\u00e1s\u00e1t elvesz\u00edtette. A f\u0151v\u00e1rosban, a vakok iskol\u00e1j\u00e1ban fejezte be elemi iskolai tanulm\u00e1nyait kit\u0171n\u0151 eredm\u00e9nnyel. Bizony\u00edtv\u00e1nya mell\u00e9 egy k\u00e1ntori oklevelet is szerzett. Visszat\u00e9rt sz\u00fcl\u0151v\u00e1ros\u00e1ba \u00e9s hamarosan munk\u00e1ba \u00e1llt: a Szervit\u00e1k templom\u00e1ban helyezkedett el k\u00e1ntork\u00e9nt.<\/p>\n\n\n\n<p><a href=\"https:\/\/www.vakisk.hu\/?page_id=2518\">A II. vil\u00e1gh\u00e1bor\u00fa ut\u00e1n&#8230;<\/a><\/p>\n\n\n\n<h2 class=\"wp-block-heading\">Kirner Guszt\u00e1v<\/h2>\n\n\n\n<p><strong>Kirner Guszt\u00e1v <\/strong>nyolc\u00e9ves kor\u00e1ban egy baleset k\u00f6vetkezt\u00e9ben gyeng\u00e9nl\u00e1t\u00f3v\u00e1 v\u00e1lt, \u00e9s ez\u00e9rt Budapesten a vakok iskol\u00e1j\u00e1ba ker\u00fclt, amelynek 1957-ig volt a tanul\u00f3ja. Ott tal\u00e1lkozott el\u0151sz\u00f6r a zen\u00e9vel. Val\u00f3sz\u00edn\u0171leg a sz\u00e9p hang\u00fa \u00e9desanyj\u00e1t\u00f3l \u00f6r\u00f6k\u00f6lte a zenei hajlamot, a zene szeretet\u00e9t.<\/p>\n\n\n\n<p><a href=\"https:\/\/www.vakisk.hu\/?page_id=2533\">Heged\u00fclni tan\u00edtotta Berind\u00e1n L\u00e1szl\u00f3,&#8230;<\/a><\/p>\n\n\n\n<h2 class=\"wp-block-heading\">Kov\u00e1cs Oszk\u00e1r zongorahangol\u00f3, zen\u00e9sz (1949-1993)<\/h2>\n\n\n\n<p><strong>Kov\u00e1cs Oszk\u00e1r <\/strong>1949. janu\u00e1r 11-\u00e9n sz\u00fcletett Tarnaleleszen. M\u00e1r kisgyermek kor\u00e1ban el kellett hagynia sz\u00fcleit \u00e9s B\u00e9la b\u00e1tyj\u00e1t, mivel sz\u00fcrkeh\u00e1lyoggal sz\u00fcletett, k\u00e9s\u0151bb t\u00f6bbsz\u00f6ri m\u0171t\u00e9t ut\u00e1n l\u00e1t\u00e1sa fokozatosan romlott.<\/p>\n\n\n\n<p>Az \u00e1ltal\u00e1nos iskol\u00e1t Budapesten, a vakok iskol\u00e1j\u00e1ban v\u00e9gezte. Tan\u00e1rai hamar felismert\u00e9k, hogy zen\u00e9re milyen fog\u00e9kony, j\u00f3 f\u00fcl\u0171, abszol\u00fat hall\u00e1s\u00fa a gyerek. <a href=\"https:\/\/www.vakisk.hu\/?page_id=2537\">Az iskol\u00e1ban zongor\u00e1zni, csell\u00f3zni, majd b\u0151g\u0151zni tanult.<\/a><\/p>\n\n\n\n<h2 class=\"wp-block-heading\">Kroll Zsuzsanna<\/h2>\n\n\n\n<p>1983-ig volt a Vakok \u00c1ltal\u00e1nos Iskol\u00e1j\u00e1nak tanul\u00f3ja.<\/p>\n\n\n\n<p>Kiemelked\u0151 k\u00e9pess\u00e9geinek k\u00f6sz\u00f6nhet\u0151en az el\u0151k\u00e9sz\u00edt\u0151 oszt\u00e1lyt nem is j\u00e1rta v\u00e9gig, hanem tan\u00e9v k\u00f6zben l\u00e9ptett\u00e9k a k\u00f6vetkez\u0151 oszt\u00e1lyfokra, mert ahogyan mondt\u00e1k: &#8222;lassan \u0151 tan\u00edtotta az oszt\u00e1lyt\u00e1rsait&#8221;<\/p>\n\n\n\n<p>K\u00e9s\u0151bb kiv\u00edvta, hogy egyetlen l\u00e1nyk\u00e9nt zongorahangol\u00e1st tanulhasson. <a href=\"https:\/\/www.vakisk.hu\/?page_id=2541\">Abban az id\u0151ben ugyanis&#8230;<\/a><\/p>\n\n\n\n<h2 class=\"wp-block-heading\">Kuminka Gy\u00f6rgyn\u00e9 Temmel Anna &#8211; tan\u00e1r<\/h2>\n\n\n\n<p><strong>Kuminka Gy\u00f6rgyn\u00e9 Temmel Anna <\/strong>sz\u00fclet\u00e9se \u00f3ta l\u00e1t\u00e1ss\u00e9r\u00fclt, ez\u00e9rt tanulm\u00e1nyait a Vakok \u00c1ltal\u00e1nos Iskol\u00e1j\u00e1ban v\u00e9gezte, majd 1968-ban a Teleki Blanka Gimn\u00e1ziumban \u00e9retts\u00e9gizett, kit\u0171n\u0151 eredm\u00e9nnyel. 1973-ban szerezte meg k\u00f6z\u00e9piskolai diplom\u00e1j\u00e1t orosz \u00e9s t\u00f6rt\u00e9nelem szakon az ELTE B\u00f6lcs\u00e9szettudom\u00e1nyi Kar\u00e1n. 1977-ben v\u00e9gzetts\u00e9g\u00e9t kieg\u00e9sz\u00edtette a gy\u00f3gypedag\u00f3gus tan\u00e1r oklev\u00e9llel.<\/p>\n\n\n\n<p><a href=\"https:\/\/www.vakisk.hu\/?page_id=2660\">1973-1991 k\u00f6z\u00f6tt l\u00e1t\u00e1ss\u00e9r\u00fclt fiatalokat tan\u00edtott&#8230;<\/a><\/p>\n\n\n\n<h2 class=\"wp-block-heading\">Magyar Csaba &#8211; zenetan\u00e1r<\/h2>\n\n\n\n<p><strong>Magyar Csaba <\/strong>1978 \u00e9s 1986 k\u00f6z\u00f6tt v\u00e9gezte alapfok\u00fa zenei tanulm\u00e1nyait a Vakok \u00c1ltal\u00e1nos Iskol\u00e1j\u00e1ban Varr\u00f3 Attila n\u00f6vend\u00e9kek\u00e9nt.<\/p>\n\n\n\n<p>A budapesti Bart\u00f3k B\u00e9la Zenem\u0171v\u00e9szeti Szakk\u00f6z\u00e9piskol\u00e1ban tett sikeres felv\u00e9teli vizsga ut\u00e1n Krause Annam\u00e1ria tan\u00edtv\u00e1nya lett. 1990-t\u0151l a Liszt Ferenc Zenem\u0171v\u00e9szeti F\u0151iskola budapesti Tan\u00e1rk\u00e9pz\u0151 tagozat\u00e1n ugyancsak Krause Annam\u00e1ri\u00e1n\u00e1l tanult. Tanulm\u00e1nyai \u00e9s a csal\u00e1dalap\u00edt\u00e1s mellett m\u00e9g arra is volt ideje, hogy a Vakok \u00c1ltal\u00e1nos Iskol\u00e1j\u00e1ban \u00e9s Szigetszentmikl\u00f3son tan\u00edtson. Hab\u00e1r \u00e9lete ezer sz\u00e1llal f\u0171zi a f\u0151v\u00e1roshoz, b\u00fcszk\u00e9n vallja, hogy hajd\u00faszoboszl\u00f3i sz\u00e1rmaz\u00e1s\u00fa \u00e9s err\u0151l minden adand\u00f3 alkalommal megeml\u00e9kezik.<\/p>\n\n\n\n<p>1995-ben kijutott Washingtonba a fogyat\u00e9kosok m\u0171v\u00e9szet\u00e9t t\u00e1mogat\u00f3 &#8222;Igen k\u00fcl\u00f6nleges m\u0171v\u00e9szetek&#8221; &#8211; &#8222;Very special arts&#8221; alap\u00edtv\u00e1ny \u00e1ltal meghirdetett verseny hangszersz\u00f3l\u00f3 kateg\u00f3ri\u00e1j\u00e1nak gy\u0151ztesek\u00e9nt. Ez a d\u00edj a tehets\u00e9gen k\u00edv\u00fcl a magyar zenei nevel\u00e9snek \u00e9s a vakok oktat\u00e1s\u00e1nak elismer\u00e9s\u00e9t is jelenti.<\/p>\n\n\n\n<p>Lakatos Tam\u00e1s \u00e9s N\u00e9met Tam\u00e1s cikk\u00e9nek alapj\u00e1n, melyek megjelentek a Vakok Vil\u00e1ga c\u00edm\u0171 \u00fajs\u00e1gban 1994-ben \u00e9s 1995 szeptember\u00e9ben.<\/p>\n\n\n\n<h2 class=\"wp-block-heading\">Matatek Judit (1976-2009)<\/h2>\n\n\n\n<p><strong>Matatek Judit <\/strong>S\u00fcmegen sz\u00fcletett 1976. febru\u00e1r 25-\u00e9n. Sz\u00fcleivel \u00e9s \u00f6ccs\u00e9vel egy kis k\u00f6zs\u00e9gben \u00e9lt eg\u00e9szen hat esztend\u0151s kor\u00e1ig, amikor felker\u00fclt Budapestre, a Vakok Iskol\u00e1j\u00e1ba. Az egyik szem\u00e9n m\u00e1sf\u00e9l, a m\u00e1sikon n\u00e9gy \u00e9ves kor\u00e1ban, az idegh\u00e1rty\u00e1n kialakult rosszindulat\u00fa daganat miatt vesz\u00edtette el l\u00e1t\u00e1s\u00e1t.<\/p>\n\n\n\n<p>Az \u00e1ltal\u00e1nos iskolai \u00e9s a gimn\u00e1ziumi \u00e9vek alatt minden sz\u00e9pre \u00e9s j\u00f3ra fog\u00e9kony volt: zongor\u00e1zni \u00e9s git\u00e1rozni tanult, a sport sz\u00e1mos v\u00e1lfaj\u00e1t kipr\u00f3b\u00e1lta: futott, evezett, lovagolt, kungfuzott, majd a hast\u00e1ncban lelte meg a mozg\u00e1s igazi \u00f6r\u00f6m\u00e9t.<\/p>\n\n\n\n<p>A J\u00f3zsef Attila Gimn\u00e1ziumban \u00e9retts\u00e9gizett matematika tagozaton, majd a P\u00e1zm\u00e1ny P\u00e9ter Egyetem Jogtudom\u00e1nyi Kar\u00e1n folytatta tanulm\u00e1nyait. M\u00e1sf\u00e9l \u00e9v ut\u00e1n felismerte: nem val\u00f3 jog\u00e1sznak. Ekkor gy\u00f3gymassz\u0151ri k\u00e9pzetts\u00e9get szerzett \u00e9s  f\u00e9l \u00e9ven \u00e1t dolgozott is ebben a szakm\u00e1ban.<\/p>\n\n\n\n<p>Azut\u00e1n el\u00e9rkezett az id\u0151, amikor orsz\u00e1gszerte ismert lett. 2001-ben bemutatt\u00e1k Tim\u00e1r P\u00e9ter: Vakvag\u00e1nyok c\u00edm\u0171 filmj\u00e9t, melyben a n\u0151i f\u0151szerepet Judit j\u00e1tszotta. A re\u00e1 ir\u00e1nyul\u00f3 m\u00e9dia figyelem ellen\u00e9re sem &#8222;szaladt el vele a l\u00f3&#8221;: meg\u0151rizte szer\u00e9nys\u00e9g\u00e9t \u00e9s higgadts\u00e1g\u00e1t. \u00dajabb jelent\u0151s \u00e1llom\u00e1s volt az \u00e9let\u00e9ben, amikor 2001-ben felv\u00e9telt nyert az ELTE BTK t\u00f6rt\u00e9nelem-kultur\u00e1lis antropol\u00f3gia szak\u00e1ra. A tizen\u00e9ves kor\u00e1ban \u00e1rvas\u00e1gra jutott Matatek Judit emberfeletti er\u0151vel \u00e9rte el mindazt, amit maga el\u00e9 kit\u0171z\u00f6tt.<\/p>\n\n\n\n<p>Sajnos a r\u00e1kkal v\u00edvott harcban alul maradt. T\u00f6bb\u00e9 m\u00e1r nem lehet a &#8222;Mosolyorsz\u00e1g Alap\u00edtv\u00e1ny&#8221; nagyk\u00f6vete, de mindazok, akik ismert\u00e9k, \u0151rizni fogj\u00e1k hitvall\u00e1s\u00e1t: &#8222;Minden \u00e9rdekel, mivel minden t\u00f6bb\u00e9 tesz, \u00e9s mindent szeretek, ami j\u00f3raval\u00f3&#8221;.<\/p>\n\n\n\n<p>Tragikusan r\u00f6vid \u00e9letet kapott a sorst\u00f3l. Mind\u00f6ssze 33 \u00e9vesen,  2009 augusztus 29-\u00e9n  elhunyt Matatek Judit, az &#8222;Informatika a l\u00e1t\u00e1ss\u00e9r\u00fcltek\u00e9rt&#8221; Alap\u00edtv\u00e1ny \u00f6nk\u00e9ntese \u00e9s k\u00e9t \u00e9ven \u00e1t &#8222;arca&#8221;.<\/p>\n\n\n\n<p>Bartha Zsuzsanna: Vakok Vil\u00e1ga, 2009 okt\u00f3ber<\/p>\n\n\n\n<h2 class=\"wp-block-heading\">Monostori J\u00f3zsef &#8211; tan\u00e1r (1912-1995)<\/h2>\n\n\n\n<p><strong>Monostori J\u00f3zsef <\/strong>1912. m\u00e1rcius 19-\u00e9n sz\u00fcletett a Toront\u00e1l megyei Versecen. \u00c9retts\u00e9gi ut\u00e1n, 1933-ban felvett\u00e9k a Szegedi Egyetem B\u00f6lcs\u00e9szettudom\u00e1nyi Kar\u00e1ra. L\u00e1t\u00e1s\u00e1nak roml\u00e1sa miatt egyetemi tanulm\u00e1nyait nem tudta befejezni. K\u00e9s\u0151bb egy sz\u00e1ll\u00edtm\u00e1nyoz\u00e1si v\u00e1llalatn\u00e1l dolgozott, ahol kamatoztathatta n\u00e9met nyelvtud\u00e1s\u00e1t. M\u00e9g egyetemista kor\u00e1ban idegenvezet\u0151k\u00e9nt gyakran kalauzolt Szegedre l\u00e1togat\u00f3 n\u00e9met kir\u00e1ndul\u00f3kat. A n\u00e9met mellett az olasz nyelvet is elsaj\u00e1t\u00edtotta. 1946-ban felvett\u00e9k a budapesti Gy\u00f3gypedag\u00f3giai Tan\u00e1rk\u00e9pz\u0151 F\u0151iskol\u00e1ra, ahol tanulm\u00e1nyait kit\u0171n\u0151 eredm\u00e9nnyel fejezte be. L\u00e1t\u00e1s\u00e1t ekkorra m\u00e1r teljesen elvesz\u00edtette. 1943-ban az akkori Vakok Sz\u00f6vets\u00e9g\u00e9nek tagja lett. 1950-t\u0151l kezdve 25 \u00e9ven \u00e1t irodalmat \u00e9s t\u00f6rt\u00e9nelmet tan\u00edtott a Vakok \u00c1ltal\u00e1nos Iskol\u00e1j\u00e1ban. Tan\u00edtv\u00e1nyai tisztelt\u00e9k a j\u00f3kedv\u0171 tan\u00e1rt, aki di\u00e1kjait embers\u00e9gre \u00e9s hazaszeretetre nevelte.<br \/>(\u2026)<br \/>1966-ban alap\u00edt\u00f3 tagja volt &#8211; feles\u00e9g\u00e9vel egy\u00fctt &#8211; sz\u00f6vets\u00e9g\u00fcnk budapesti turista szakoszt\u00e1ly\u00e1nak, s nyugd\u00edjba vonul\u00e1sa ut\u00e1n m\u00e9g akt\u00edvabban vett r\u00e9szt programjaikon.<br \/>Budapest- \u00e9s Pest megye k\u00fcld\u00f6ttek\u00e9nt bekapcsol\u00f3dott az egyes\u00fcleti \u00e9letbe is. Monostori J\u00f3zsef 1995 szeptember 20-\u00e1n hunyt el, hosszantart\u00f3 betegs\u00e9g k\u00f6vetkezt\u00e9ben, \u00e9let\u00e9nek 84. esztendej\u00e9ben.<\/p>\n\n\n\n<p>Lak Istv\u00e1n cikk\u00e9nek alapj\u00e1n, amely megjelent a Vakok Vil\u00e1ga, 1995 novemberi sz\u00e1m\u00e1ban.<\/p>\n\n\n\n<h2 class=\"wp-block-heading\">Nagy Gy\u00f6rgyn\u00e9 Nyers Ter\u00e9z (1919-1992)<\/h2>\n\n\n\n<p><strong>Nagy Gy\u00f6rgyn\u00e9<\/strong>, sz\u00fcletett Nyers Ter\u00e9z 1919 szeptember 26-\u00e1n sz\u00fcletett Domb\u00f3v\u00e1ron. Iskol\u00e1it a Vakok Int\u00e9zet\u00e9ben v\u00e9gezte, ahonnan 1936-ban ker\u00fclt ki. Munk\u00e1ba \u00e1llt, s k\u00e9s\u0151bb kefek\u00e9sz\u00edt\u0151 \u00fczemet l\u00e9tes\u00edtett, ahol sorst\u00e1rsai r\u00e9sz\u00e9re is kereseti lehet\u0151s\u00e9get biztos\u00edtott eg\u00e9szen az \u00e1llamos\u00edt\u00e1sig.<\/p>\n\n\n\n<p>Amikor a sz\u00f6vets\u00e9g visszakapta \u00f6nrendelkez\u00e9s\u00e9t \u00e9s megindult vid\u00e9ken is a szervez\u0151 munka, a Somogy megyei region\u00e1lis szervezet eln\u00f6ks\u00e9g\u00e9ben tev\u00e9kenykedett.<br \/>1959-ben, amikor a Tolna megyei szervezet kiv\u00e1lt a Somogy megyei region\u00e1lis szervezetb\u0151l, domb\u00f3v\u00e1ri sz\u00e9khellyel megalakult az \u00f6n\u00e1ll\u00f3 megyei szervezet, melynek titk\u00e1ra lett. E megb\u00edzat\u00e1s\u00e1nak ciklusr\u00f3l-ciklusra, harminc \u00e9ven \u00e1t, 1989-ig tett eleget.<br \/>Titk\u00e1ri munk\u00e1j\u00e1t a tags\u00e1g ir\u00e1nti felel\u0151ss\u00e9g\u00e9rzettel, t\u00fcrelemmel \u00e9s kitart\u00f3 szorgalommal v\u00e9gezte. A megyei szervezet tagjai szerett\u00e9k \u00e9s rendk\u00edv\u00fcl tisztelt\u00e9k. A gondok, probl\u00e9m\u00e1k megold\u00e1s\u00e1\u00e9rt k\u00fczd\u00f6tt, harcolt, hogy sorst\u00e1rsainak min\u00e9l kedvez\u0151bb meg\u00e9lhet\u00e9si lehet\u0151s\u00e9get biztos\u00edtson.<br \/>A MVGYOSZ Orsz\u00e1gos Eln\u00f6ks\u00e9ge el\u0151sz\u00f6r Louis Braille-Eml\u00e9k\u00e9remmel, majd a Louis Braille-\u00c9rdem\u00e9rem arany fokozat\u00e1val t\u00fcntette ki kiemelked\u0151 munk\u00e1ss\u00e1ga elismer\u00e9sek\u00e9nt.<\/p>\n\n\n\n<p>1992-ben hunyt el.<\/p>\n\n\n\n<p>Pinviczki Gy\u00f6rgy cikke alapj\u00e1n, amely megjelent a Vakok Vil\u00e1g\u00e1nak  1992 szeptemberi sz\u00e1m\u00e1ban.<\/p>\n\n\n\n<h2 class=\"wp-block-heading\">N\u00e9meth Tam\u00e1s &#8211; zongoram\u0171v\u00e9sz, zenetan\u00e1r<\/h2>\n\n\n\n<p><strong>N\u00e9meth Tam\u00e1s <\/strong>zongoram\u0171v\u00e9sz-tan\u00e1r 1944-ben sz\u00fcletik Baj\u00e1n. L\u00e1t\u00e1s\u00e1t m\u00e1sf\u00e9l \u00e9vesen veszti el sz\u00fcrkeh\u00e1lyog-m\u0171t\u00e9tek k\u00f6vetkezt\u00e9ben. \u00d6t \u00e9ves kor\u00e1t\u00f3l 11 \u00e9ven \u00e1t a &#8222;Vakok Orsz\u00e1gos Nevel\u0151- \u00e9s Tanint\u00e9zet\u00e9&#8221;-ben tanul Budapesten.<\/p>\n\n\n\n<p><a href=\"https:\/\/www.vakisk.hu\/?page_id=2675\">Nyolc \u00e9ves kor\u00e1ban kezd zongor\u00e1zni&#8230;<\/a><\/p>\n\n\n\n<h2 class=\"wp-block-heading\">Pinviczki Gy\u00f6rgy<\/h2>\n\n\n\n<p><strong>Pinviczki Gy\u00f6rgy <\/strong>1935. janu\u00e1r 22-\u00e9n sz\u00fcletett a J\u00e1sz-Nagykun-Szolnok  megyei T\u00f3szegen egy f\u00f6ldm\u0171ves csal\u00e1d h\u00e1rom fi\u00fagyermeke k\u00f6z\u00fcl a  legid\u0151sebbk\u00e9nt. Az elemi iskola els\u0151 hat oszt\u00e1ly\u00e1t sz\u00fcl\u0151faluj\u00e1ban v\u00e9gzi, de ekkor a szem\u00e9sz azt tan\u00e1csolja, hogy l\u00e1t\u00e1sa roml\u00e1sa miatt a budapesti  Vakok Iskol\u00e1j\u00e1ban folytassa tanulm\u00e1nyait. 1949-ben felker\u00fcl a f\u0151v\u00e1rosba.<\/p>\n\n\n\n<p><a href=\"https:\/\/www.vakisk.hu\/?page_id=2680\">A Vakok Tanint\u00e9zet\u00e9ben akad egy zenetan\u00e1r&#8230;<\/a><\/p>\n\n\n\n<h2 class=\"wp-block-heading\">R\u00e9dai J\u00f3zsef &#8211; m\u0171v\u00e9sz, zenetan\u00e1r<\/h2>\n\n\n\n<p>Beteg szemmel sz\u00fcletett, csak nagyon keveset &#8211; a sz\u00edneket, az alakot &#8211; l\u00e1tta <strong>R\u00e9dai J\u00f3zsef<\/strong>. Az elemi iskola h\u00e1rom oszt\u00e1ly\u00e1t sz\u00fcl\u0151faluj\u00e1ban, Tiszaroffon v\u00e9gezte el, ahol megtanulta a s\u00edk\u00edr\u00e1s\u00fa bet\u0171ket \u00edrni. Az olvas\u00e1s azonban nem ment, csak az \u00fajs\u00e1gok f\u0151c\u00edmeit l\u00e1tta. A negyedik oszt\u00e1lyt m\u00e1r a f\u0151v\u00e1rosban, a Vakok \u00c1ltal\u00e1nos Iskol\u00e1j\u00e1ban kezdte. &#8222;Kev\u00e9ske l\u00e1t\u00e1som lassan-lassan, szinte \u00e9szrev\u00e9tlen\u00fcl megsz\u0171nt az \u00e9retts\u00e9gi idej\u00e9re&#8221; &#8211; eml\u00e9kszik vissza.<\/p>\n\n\n\n<p><a href=\"https:\/\/www.vakisk.hu\/?page_id=2684\">Kicsit megk\u00e9sve, t\u00edz \u00e9ves kor\u00e1ban k\u00f6t\u00f6tt bar\u00e1ts\u00e1got&#8230;<\/a><\/p>\n\n\n\n<h2 class=\"wp-block-heading\">Selner Mih\u00e1ly (1914-2000)<\/h2>\n\n\n\n<p><strong>Selner Mih\u00e1ly <\/strong>1914 augusztus 28-\u00e1n sz\u00fcletett Aradszentm\u00e1rtonban (jelenleg  Rom\u00e1nia). N\u00e9met polg\u00e1ri csal\u00e1db\u00f3l sz\u00e1rmazott. Elemi iskolai  tanulm\u00e1nyait m\u00e9g l\u00e1t\u00f3k k\u00f6z\u00f6tt kezdte el, de egy betegs\u00e9g ut\u00e1n gyeng\u00e9nl\u00e1t\u00f3k\u00e9nt Budapestre ker\u00fclt a Vakok Iskol\u00e1j\u00e1ba. Oszt\u00e1lyt\u00e1rsa volt t\u00f6bbek k\u00f6z\u00f6tt B\u00e1n S\u00e1ndor, Bocskai Imre, K\u00e9kesi J\u00e1nos (mindh\u00e1rman zenei p\u00e1ly\u00e1n tev\u00e9kenykedtek); Gergelics J\u00e1nos \u00e9s Verba J\u00f3zsef (sepr\u0171k\u00e9sz\u00edt\u0151k).<\/p>\n\n\n\n<p>Selner Mih\u00e1ly 1921-30 k\u00f6z\u00f6tt volt a vakok iskol\u00e1j\u00e1nak di\u00e1kja. Az iskola befejez\u00e9se ut\u00e1n sepr\u0171k\u00e9sz\u00edt\u00e9st tanult. 1932-46 k\u00f6z\u00f6tt a Vakokat Gy\u00e1mol\u00edt\u00f3 Orsz\u00e1gos Egyes\u00fclet ciroksepr\u0171 \u00fczem\u00e9ben dolgozott, majd a h\u00e1bor\u00fa alatt a budapesti fegyvergy\u00e1rban. 1946-77 k\u00f6z\u00f6tt kefe\u00e1rusk\u00e9nt kereste kenyer\u00e9t, \u00e9s bej\u00e1rta az orsz\u00e1got. 1978-ban vonult nyugalomba, \u00e9s ezut\u00e1n egyre jobban bekapcsol\u00f3dott az egyes\u00fcleti \u00e9letbe. Megyei k\u00fcld\u00f6ttk\u00e9nt r\u00e9szt vett az MVGYOSZ Budapesti \u00e9s Pest Megyei Szervezet\u00e9nek munk\u00e1j\u00e1ban. Tev\u00e9keny tagja volt a Turista Szakoszt\u00e1lynak, a k\u00e9zimunka szakk\u00f6rnek, \u00e9s a Nosztalgia Klubnak. Szinte minden rendezv\u00e9nyen jelen volt. Szerette az irodalmat \u00e9s a k\u00f6lt\u00e9szetet. R\u00e9gebben a Braille, k\u00e9s\u0151bb a hangos k\u00f6nyvt\u00e1rnak volt \u00e1lland\u00f3 olvas\u00f3ja.<\/p>\n\n\n\n<p>2000-ben hunyt el.<\/p>\n\n\n\n<p>Lak Istv\u00e1n, a Vakok Vil\u00e1ga, 2001 janu\u00e1rj\u00e1ban  megjelent cikke alapj\u00e1n.<\/p>\n\n\n\n<h2 class=\"wp-block-heading\">Solymos Gyula dr. (1919-1981)<\/h2>\n\n\n\n<p>Nyolcgyermekes csal\u00e1dban sz\u00fcletett 1919. m\u00e1jus 31-\u00e9n Budapesten.  Sz\u00fclet\u00e9s\u00e9t\u0151l fokozatosan romlott a l\u00e1t\u00e1sa, \u00edgy iskol\u00e1it a budapesti \u00e9s a  b\u00e9csi vakok int\u00e9zet\u00e9ben v\u00e9gezte. Anyagi gondok miatt zenei tanulm\u00e1nyai  f\u00e9lbeszakadtak, ez\u00e9rt a gy\u00f3gymassz\u0151ri szakm\u00e1t tanulta ki.<\/p>\n\n\n\n<p><a href=\"https:\/\/www.vakisk.hu\/?page_id=2500\">1938-t\u00f3l &#8211; t\u00edz \u00e9ven \u00e1t &#8211; a Szabolcs utcai k\u00f3rh\u00e1zban dolgozott&#8230;<\/a><\/p>\n\n\n\n<h2 class=\"wp-block-heading\">Somorjai Ferenc &#8211; zenetan\u00e1r, karnagy (1923-2009)<\/h2>\n\n\n\n<p><strong>Somorjai Ferenc <\/strong>1923 okt\u00f3ber 3-\u00e1n sz\u00fcletett Budapesten. A sz\u00fcl\u00e9sn\u00e9l szemfert\u0151z\u00e9st kapott, \u00edgy eg\u00e9sz \u00e9let\u00e9n \u00e1t rossz szemmel bajl\u00f3dott. Sz\u00fclei 1931-ben be\u00edratt\u00e1k a Vakok Int\u00e9zet\u00e9be, ahol \u00f6r\u00f6kre eljegyezte mag\u00e1t a muzsik\u00e1val.  Zongor\u00e1zni Greizinger Istv\u00e1nn\u00e1l tanult. \u0150 volt a legkedvesebb tan\u00e1ra. Orgon\u00e1ra J\u00e1rmer Lajos oktatta, heged\u0171t Fidler Lajosn\u00e1l \u00e9s Berind\u00e1n L\u00e1szl\u00f3n\u00e1l tanult. Egy alkalommal m\u00e9g heged\u0171sz\u00f3l\u00f3t is j\u00e1tszhatott az iskolai zenekarban. Mindezek mellett egyh\u00e1zi \u00e9nekkarban \u00e9s az iskolai k\u00f3rusban is \u00e9nekelt.  Akkor szeretett bele a k\u00f3rus\u00e9nekl\u00e9sbe.<\/p>\n\n\n\n<p><a href=\"https:\/\/www.vakisk.hu\/?page_id=2690\">A hat elemi oszt\u00e1ly ut\u00e1n h\u00e1rom tov\u00e1bbk\u00e9pz\u0151t v\u00e9gzett&#8230;<\/a><\/p>\n\n\n\n<h2 class=\"wp-block-heading\">Szigeti S\u00e1ndor (1925-2001)<\/h2>\n\n\n\n<p><strong>Szigeti S\u00e1ndor <\/strong>Sziksz\u00f3n sz\u00fcletik uradalmi csel\u00e9dek csal\u00e1dj\u00e1ban 1925-ben. H\u00e1rom h\u00f3napos, amikor \u00e9szreveszik, baj van a l\u00e1t\u00e1s\u00e1val. 5 \u00e9ves kor\u00e1ban m\u0171t\u00e9ti beavatkoz\u00e1s hat\u00e1s\u00e1ra t\u00f6k\u00e9letesen visszanyeri l\u00e1t\u00e1s\u00e1t. Eltelik egy \u00e9v, \u00e9s egy gyermeki cs\u00edny k\u00f6vetkezm\u00e9nyek\u00e9nt &#8211; port sz\u00f3rnak egym\u00e1s szem\u00e9be -, ki kell venni a bal szem\u00e9t. Szerencs\u00e9re, a m\u00e1sik szem\u00e9vel m\u00e9g el\u00e9g sok\u00e1ig, ha rosszul is, de \u00e9rz\u00e9kelheti a vil\u00e1got.<\/p>\n\n\n\n<p><a href=\"https:\/\/www.vakisk.hu\/?page_id=2696\">A gyermek \u00e9let\u00e9ben sorsd\u00f6nt\u0151 v\u00e1ltoz\u00e1st hoz&#8230;<\/a><\/p>\n\n\n\n<h2 class=\"wp-block-heading\">Sz\u0171cs Lajos (1917-1997)<\/h2>\n\n\n\n<p><strong>Sz\u0171cs Lajos <\/strong>1917. janu\u00e1r 4-\u00e9n sz\u00fcletett F\u00fczesgyarmaton. Alapfok\u00fa tanulm\u00e1nyait Budapesten, a Vakok Iskol\u00e1j\u00e1ban v\u00e9gezte el. 1936-ban visszat\u00e9rt sz\u00fcl\u0151faluj\u00e1ba.<\/p>\n\n\n\n<p>Kos\u00e1rfon\u00e1st tanult az iskol\u00e1ban, de nem ezzel a szakm\u00e1val kereste kenyer\u00e9t. Mindig arr\u00f3l \u00e1lmodott, hogy a zene biztos\u00edtsa meg\u00e9lhet\u00e9s\u00e9t. A 40-es \u00e9vek elej\u00e9n megtanult tang\u00f3harmonik\u00e1zni, melynek k\u00f6sz\u00f6nhet\u0151en az \u00e1lom megval\u00f3sulhatott.<br \/>A h\u00e1bor\u00fa befejez\u00e9s\u00e9t k\u00f6vet\u0151en rendszeresen muzsik\u00e1lt lakodalmakban \u00e9s b\u00e1lokon. Hossz\u00fa ideig a helyi n\u00e9pi t\u00e1nccsoport k\u00eds\u00e9r\u0151je is volt. Negyven \u00e9ven \u00e1t csend\u00fcltek fel a dallamok Sz\u0171cs Lajos harmonik\u00e1j\u00e1n.<\/p>\n\n\n\n<p>K\u00e9t fia sz\u00fcletett. (\u2026)<\/p>\n\n\n\n<p>Sosem szakadt el sorst\u00e1rsait\u00f3l: kiterjedt Braille-levelez\u00e9st folytatott az orsz\u00e1g minden r\u00e9sz\u00e9be. A Vakok Vil\u00e1ga szerkeszt\u0151s\u00e9g\u00e9be is k\u00fcld\u00f6tt n\u00e9h\u00e1ny visszaeml\u00e9kez\u0151 \u00edr\u00e1st. (\u2026)<\/p>\n\n\n\n<p>Elhunyt 1997-ben.<\/p>\n\n\n\n<p>Lak Istv\u00e1n cikke alapj\u00e1n, amely megjelent a Vakok Vil\u00e1ga c\u00edm\u0171 \u00fajs\u00e1g 1997 j\u00faliusi sz\u00e1m\u00e1ban.<\/p>\n\n\n\n<h2 class=\"wp-block-heading\">Verba J\u00f3zsef (1914-1996)<\/h2>\n\n\n\n<p><strong>Verba J\u00f3zsef <\/strong>Pestszenterzs\u00e9beten sz\u00fcletett 1914 m\u00e1rcius 3-\u00e1n. Sz\u00fclei a telep\u00fcl\u00e9s tehet\u0151s polg\u00e1rai k\u00f6z\u00e9 tartoztak: saj\u00e1t \u00fczlet\u00fck volt. A h\u00e1bor\u00fa alatt t\u00f6nkrementek \u00e9s elszeg\u00e9nyedtek. A tehets\u00e9ges kisfi\u00fat gyenge l\u00e1t\u00e1sa miatt a f\u0151v\u00e1rosban, a vakok iskol\u00e1j\u00e1ba \u00edratt\u00e1k be sz\u00fclei.<\/p>\n\n\n\n<p><a href=\"https:\/\/www.vakisk.hu\/?page_id=2702\">Tanulm\u00e1nyai befejezt\u00e9vel&#8230;<\/a><\/p>\n","protected":false},"excerpt":{"rendered":"<p> <a class=\"continue-reading-link\" href=\"https:\/\/www.vakisk.hu\/?page_id=2482\">Tov\u00e1bb <span class=\"meta-nav\">&rarr; <\/span><\/a><\/p>\n","protected":false},"author":1,"featured_media":0,"parent":0,"menu_order":0,"comment_status":"open","ping_status":"closed","template":"","meta":{"footnotes":""},"class_list":["post-2482","page","type-page","status-publish","hentry"],"_links":{"self":[{"href":"https:\/\/www.vakisk.hu\/index.php?rest_route=\/wp\/v2\/pages\/2482","targetHints":{"allow":["GET"]}}],"collection":[{"href":"https:\/\/www.vakisk.hu\/index.php?rest_route=\/wp\/v2\/pages"}],"about":[{"href":"https:\/\/www.vakisk.hu\/index.php?rest_route=\/wp\/v2\/types\/page"}],"author":[{"embeddable":true,"href":"https:\/\/www.vakisk.hu\/index.php?rest_route=\/wp\/v2\/users\/1"}],"replies":[{"embeddable":true,"href":"https:\/\/www.vakisk.hu\/index.php?rest_route=%2Fwp%2Fv2%2Fcomments&post=2482"}],"version-history":[{"count":0,"href":"https:\/\/www.vakisk.hu\/index.php?rest_route=\/wp\/v2\/pages\/2482\/revisions"}],"wp:attachment":[{"href":"https:\/\/www.vakisk.hu\/index.php?rest_route=%2Fwp%2Fv2%2Fmedia&parent=2482"}],"curies":[{"name":"wp","href":"https:\/\/api.w.org\/{rel}","templated":true}]}}