{"id":2500,"date":"2020-03-07T20:48:10","date_gmt":"2020-03-07T19:48:10","guid":{"rendered":"https:\/\/www.vakisk.hu\/?page_id=2500"},"modified":"2020-03-07T21:11:45","modified_gmt":"2020-03-07T20:11:45","slug":"solymos-gyula-dr-1919-1981","status":"publish","type":"page","link":"https:\/\/www.vakisk.hu\/?page_id=2500","title":{"rendered":"Solymos Gyula dr. (1919-1981)"},"content":{"rendered":"\n<p>Nyolcgyermekes csal\u00e1dban sz\u00fcletett 1919. m\u00e1jus 31-\u00e9n Budapesten. Sz\u00fclet\u00e9s\u00e9t\u0151l fokozatosan romlott a l\u00e1t\u00e1sa, \u00edgy iskol\u00e1it a budapesti \u00e9s a b\u00e9csi vakok int\u00e9zet\u00e9ben v\u00e9gezte. Anyagi gondok miatt zenei tanulm\u00e1nyai f\u00e9lbeszakadtak, ez\u00e9rt a gy\u00f3gymassz\u0151ri szakm\u00e1t tanulta ki.<\/p>\n\n\n\n<p>1938-t\u00f3l &#8211; t\u00edz \u00e9ven \u00e1t &#8211; a Szabolcs utcai k\u00f3rh\u00e1zban dolgozott Budapesten. A II. vil\u00e1gh\u00e1bor\u00fa ut\u00e1n, a Magyar Kommunista P\u00e1rt tagjak\u00e9nt akt\u00edvan bekapcsol\u00f3dott a mozgalmi munk\u00e1ba. Felfigyeltek r\u00e1, politikai feladatokkal b\u00edzt\u00e1k meg.<\/p>\n\n\n\n<p>1949. j\u00falius 18-\u00e1n Budapesten l\u00e9trej\u00f6tt az egykori Vakokat Gy\u00e1mol\u00edt\u00f3 Orsz\u00e1gos Egyes\u00fclet, \u00e9s \u00e9p\u00fcleteiben a vakokat foglalkoztat\u00f3 Nemzeti V\u00e1llalat. Az akkori n\u00e9pj\u00f3l\u00e9ti miniszter, Ratk\u00f3 Anna, e v\u00e1llalat igazgat\u00f3j\u00e1nak Solymos Gyul\u00e1t nevezte ki. Lelkes munkat\u00e1rsaival hatalmas lend\u00fclettel fogott hozz\u00e1 az \u00faj v\u00e1llalat szervez\u00e9s\u00e9hez \u00e9s fejleszt\u00e9s\u00e9hez. Bizony\u00edtani k\u00edv\u00e1nta, hogy a vak \u00e9s a gyeng\u00e9nl\u00e1t\u00f3 emberek is k\u00e9pesek megfelelni a t\u00e1rsadalom \u00e9s a tervgazd\u00e1lkod\u00e1s elv\u00e1r\u00e1sainak.<\/p>\n\n\n\n<p>Az &#8217;50-es \u00e9vekben m\u00e9g t\u00f6bb ezer munkan\u00e9lk\u00fcli sorst\u00e1rs \u00e9lt az orsz\u00e1gban, k\u00f6z\u00fcl\u00fck sokat felvettek, \u00e9s n\u00e9h\u00e1ny \u00e9v m\u00falva m\u00e1r t\u00f6bb sz\u00e1zan dolgoztak az \u00faj v\u00e1llalatn\u00e1l. A termel\u00e9s \u00e9s a l\u00e9tsz\u00e1m n\u00f6veked\u00e9s\u00e9nek eredm\u00e9nyek\u00e9nt egy \u00faj, &#8222;kefepalot\u00e1nak&#8221; bec\u00e9zett \u00e9p\u00fcletegy\u00fcttessel b\u0151v\u00fclt a v\u00e1llalat 1958-ban a zugl\u00f3i Laky Adolf utc\u00e1ban. Fejl\u0151d\u00e9s\u00e9vel Solymos Gyul\u00e1nak is l\u00e9p\u00e9st kellett tartania. Gazdas\u00e1gi \u00e9s sz\u00e1mviteli tanfolyamokat v\u00e9gzett, majd az ELTE Jogtudom\u00e1nyi Kar\u00e1n szerzett diplom\u00e1t. Rendszeresen \u00edrt tanulm\u00e1nyokat, cikkeket hazai \u00e9s k\u00fclf\u00f6ldi lapokban a vakok foglalkoztat\u00e1s\u00e1r\u00f3l.<\/p>\n\n\n\n<p>A Magyar Rehabilit\u00e1ci\u00f3s T\u00e1rsas\u00e1gban is k\u00e9pviselte sorst\u00e1rsai \u00e9rdekeit. Sz\u00e1mos \u00e1llami kit\u00fcntet\u00e9st kapott, \u00e9s a sz\u00f6vets\u00e9gekben v\u00e9gzett munk\u00e1j\u00e1\u00e9rt az els\u0151k k\u00f6z\u00f6tt vehette \u00e1t a Braille-eml\u00e9k\u00e9rmet, m\u00e9g az alap\u00edt\u00e1s \u00e9v\u00e9ben, 1959-ben.<\/p>\n\n\n\n<p>A Nemzeti V\u00e1llalat \u00e1tszervez\u00e9se ut\u00e1n l\u00e9trej\u00f6tt a F\u0151v\u00e1rosi Kefe- \u00e9s Sepr\u0171gy\u00e1rt\u00f3 V\u00e1llalat (mai neve: F\u0151kefe Ipari Kft.).<\/p>\n\n\n\n<p>Dr. Solymos Gyula 1980. december 31-\u00e9n vonult nyugd\u00edjba, de a j\u00f3l meg\u00e9rdemelt pihen\u00e9st, a kedvenc id\u0151t\u00f6lt\u00e9st jelent\u0151 zenehallgat\u00e1st nem sok\u00e1ig \u00e9lvezhette.<\/p>\n\n\n\n<p>1981 okt\u00f3ber 28-\u00e1n v\u00e1ratlanul elhunyt.<\/p>\n\n\n\n<p>Lak Istv\u00e1n, a  Vakok Vil\u00e1ga, c\u00edm\u0171 \u00fajs\u00e1gban 1999 febru\u00e1rj\u00e1ban megjelent cikke alapj\u00e1n.<\/p>\n","protected":false},"excerpt":{"rendered":"<p> <a class=\"continue-reading-link\" href=\"https:\/\/www.vakisk.hu\/?page_id=2500\">Tov\u00e1bb <span class=\"meta-nav\">&rarr; <\/span><\/a><\/p>\n","protected":false},"author":1,"featured_media":0,"parent":2482,"menu_order":0,"comment_status":"open","ping_status":"closed","template":"","meta":{"footnotes":""},"class_list":["post-2500","page","type-page","status-publish","hentry"],"_links":{"self":[{"href":"https:\/\/www.vakisk.hu\/index.php?rest_route=\/wp\/v2\/pages\/2500","targetHints":{"allow":["GET"]}}],"collection":[{"href":"https:\/\/www.vakisk.hu\/index.php?rest_route=\/wp\/v2\/pages"}],"about":[{"href":"https:\/\/www.vakisk.hu\/index.php?rest_route=\/wp\/v2\/types\/page"}],"author":[{"embeddable":true,"href":"https:\/\/www.vakisk.hu\/index.php?rest_route=\/wp\/v2\/users\/1"}],"replies":[{"embeddable":true,"href":"https:\/\/www.vakisk.hu\/index.php?rest_route=%2Fwp%2Fv2%2Fcomments&post=2500"}],"version-history":[{"count":0,"href":"https:\/\/www.vakisk.hu\/index.php?rest_route=\/wp\/v2\/pages\/2500\/revisions"}],"up":[{"embeddable":true,"href":"https:\/\/www.vakisk.hu\/index.php?rest_route=\/wp\/v2\/pages\/2482"}],"wp:attachment":[{"href":"https:\/\/www.vakisk.hu\/index.php?rest_route=%2Fwp%2Fv2%2Fmedia&parent=2500"}],"curies":[{"name":"wp","href":"https:\/\/api.w.org\/{rel}","templated":true}]}}