{"id":2505,"date":"2020-03-07T21:02:41","date_gmt":"2020-03-07T20:02:41","guid":{"rendered":"https:\/\/www.vakisk.hu\/?page_id=2505"},"modified":"2020-03-07T21:11:23","modified_gmt":"2020-03-07T20:11:23","slug":"bodi-istvan-1929-1997","status":"publish","type":"page","link":"https:\/\/www.vakisk.hu\/?page_id=2505","title":{"rendered":"B\u00f3di Istv\u00e1n dr. (1929-1997)"},"content":{"rendered":"\n<p>Dr. B\u00f3di Istv\u00e1n 1929. november 14-\u00e9n sz\u00fcletett Recsken, szeg\u00e9ny csal\u00e1db\u00f3l. \u00c1cs \u00e9desapj\u00e1t kor\u00e1n elvesztette. \u00d6zvegy \u00e9desanyj\u00e1val \u00e9s S\u00e1ndor b\u00e1tyj\u00e1val szeret\u0151 csal\u00e1dban nevelkedett. A k\u00e9t gyermek nevel\u00e9se \u00e9desanyj\u00e1t\u00f3l nagy \u00e1ldozatot k\u00f6vetelt. Vaks\u00e1ga miatt elemi tanulm\u00e1nyait Budapesten, a vakok iskol\u00e1j\u00e1ban v\u00e9gezte. Elemi iskolai viszonylatban kiv\u00e1l\u00f3an zongor\u00e1zott.<\/p>\n\n\n\n<p>M\u00e1r gyerekkor\u00e1ban is szerette az irodalmat. Az \u00e1ltal\u00e1nos iskola elv\u00e9gz\u00e9se ut\u00e1n ott maradt az iskol\u00e1ban, tanulta a nyomd\u00e1szmesters\u00e9get. Az \u00f6tvenes \u00e9vekben \u00e9s a hatvanas \u00e9vek elej\u00e9n iskol\u00e1nk kiv\u00e1l\u00f3 nyomd\u00e1sza lett. Munk\u00e1j\u00e1ban minden \u00e9rtelemben megb\u00edzhat\u00f3 teljes\u00edtm\u00e9nyt ny\u00fajtott. Nem szigetel\u0151d\u00f6tt el a h\u00e1zon bel\u00fcl: munka ut\u00e1n be\u00fclt a tan\u00e1riba \u00e9s a koll\u00e9g\u00e1k egyenrang\u00fa partnerk\u00e9nt tisztelt\u00e9k \u00e9s becs\u00fclt\u00e9k. Ugyanakkor az egyszer\u0171 emberekkel is megtal\u00e1lta a hangot: Dani b\u00e1csi f\u0171t\u0151nkkel egy szob\u00e1ban \u00e9lt mindaddig, m\u00edg \u00e9let\u00fatja m\u00e1sfel\u00e9 kanyarodott.<\/p>\n\n\n\n<p>P\u00e9ldamutat\u00f3 az az amb\u00edci\u00f3, ahogy a nyomd\u00e1szi munk\u00e1ja mellett a K\u00f6lcsey Ferenc Gimn\u00e1zium esti tagozat\u00e1n le\u00e9retts\u00e9gizett 1957-ben, majd esti egyetemen, az E\u00f6tv\u00f6s Lor\u00e1nd Tudom\u00e1nyegyetem \u00c1llam- \u00e9s Jogtudom\u00e1nyi Kar\u00e1n 1962-ben megszerezte jogi diplom\u00e1j\u00e1t. Ennek birtok\u00e1ban igazgat\u00f3ja lett 1963-ban az \u00dajpesti Hadirokkant Otthonnak. Ebben a l\u00e1t\u00f3 k\u00f6z\u00f6ss\u00e9gben t\u00edz \u00e9ven \u00e1t teljes \u00e9rt\u00e9k\u0171 emberk\u00e9nt \u00e1llta meg a hely\u00e9t.<\/p>\n\n\n\n<p>Sz\u00f6vets\u00e9g\u00fcnk \u00e9let\u00e9ben v\u00e9gzett tev\u00e9kenys\u00e9ge sokr\u00e9t\u0171: kult\u00farosk\u00e9nt szavalt, \u00e9nekelt, rendezett. A G\u00e1bor J\u00f3zsef tan\u00e1r \u00far alap\u00edtotta Hom\u00e9rosz Irodalmi K\u00f6r agilis tagjak\u00e9nt \u00e9veken \u00e1t r\u00e9szt vett annak munk\u00e1j\u00e1ban.<\/p>\n\n\n\n<p>Mint f\u0151titk\u00e1r 1973-t\u00f3l 1988-ig tev\u00e9kenykedett. Ami csak emberileg lehets\u00e9ges volt, mindent megtett sorst\u00e1rsai\u00e9rt. Nev\u00e9hez f\u0171z\u0151dik a helyi k\u00f6zleked\u00e9s d\u00edjmentess\u00e9g\u00e9nek kiv\u00edv\u00e1sa, az orsz\u00e1gos szint\u0171 kedvezm\u00e9nyes utaz\u00e1s. A tov\u00e1bbtanul\u00f3 vak fiatalok \u00e9rdek\u00e9ben fokozott hangs\u00falyt fektetett a gimn\u00e1ziumi tank\u00f6nyvek \u00e9s a k\u00f6telez\u0151 irodalom felolvastat\u00e1s\u00e1ra.<\/p>\n\n\n\n<p>B\u0151v\u00edtette a vak\u00fcgy nemzetk\u00f6zi kapcsolatait. Munk\u00e1ja elismer\u00e9sek\u00e9nt 1968-ban a Vakok \u00e9s Cs\u00f6kkentl\u00e1t\u00f3k Orsz\u00e1gos Sz\u00f6vets\u00e9ge 50 \u00e9ves jubileum\u00e1n elismer\u0151 eml\u00e9klapot adom\u00e1nyozott r\u00e9sz\u00e9re.<\/p>\n\n\n\n<p>1981-ben a Hall\u00e1ss\u00e9r\u00fcltek Orsz\u00e1gos Sz\u00f6vets\u00e9g\u00e9nek K\u00f6zponti Eln\u00f6ks\u00e9ge a Rokkantak Nemzetk\u00f6zi \u00e9ve alkalm\u00e1b\u00f3l eml\u00e9klappal t\u00fcntette ki.<\/p>\n\n\n\n<p>Egy \u00e9vvel k\u00e9s\u0151bb, a MOTESZ Eg\u00e9szs\u00e9g\u00fcgyi Szervez\u0151k Tudom\u00e1nyos Egyes\u00fclete Szoci\u00e1lrehabilit\u00e1ci\u00f3s Sz\u00f6vets\u00e9g eml\u00e9k\u00e9rmet \u00e9s elismer\u0151 oklevelet adom\u00e1nyozott dr. B\u00f3di Istv\u00e1nnak.<\/p>\n\n\n\n<p>Sz\u00f6vets\u00e9g\u00fcnkt\u0151l a Louis Braille eml\u00e9k\u00e9rmet vehette \u00e1t.<\/p>\n\n\n\n<p>1985-ben a Magyar N\u00e9pk\u00f6zt\u00e1rsas\u00e1g Eln\u00f6ki Tan\u00e1csa a Munka \u00c9rdemrend ez\u00fcst fokozat\u00e1t adom\u00e1nyozta \u00e9rdemes \u00e9s eredm\u00e9nyes munk\u00e1ss\u00e1ga elismer\u00e9sek\u00e9nt.<\/p>\n\n\n\n<p>1990-ben a VGYOSZ Heves megyei Szervezete megalakul\u00e1s\u00e1nak 25. \u00e9vfordul\u00f3ja alkalm\u00e1b\u00f3l kiv\u00e1l\u00f3 t\u00e1rsadalmi munk\u00e1j\u00e1\u00e9rt eml\u00e9klapban r\u00e9szes\u00fclt.<\/p>\n\n\n\n<p>A sz\u00f6vets\u00e9g fenn\u00e1ll\u00e1s\u00e1nak 75. \u00e9vfordul\u00f3ja alkalm\u00e1b\u00f3l, 1993-ban a vak \u00e9s gyeng\u00e9nl\u00e1t\u00f3 emberek\u00e9rt v\u00e9gzett kiemelked\u0151 munk\u00e1j\u00e1\u00e9rt eml\u00e9kplakettet kapott.<\/p>\n\n\n\n<p>T\u00f6bb mint h\u00e1rom \u00e9vtizeden \u00e1t harmonikus h\u00e1zass\u00e1gban \u00e9lt V\u00e9csey Judittal, aki val\u00f3ban \u0151rangyalk\u00e9nt \u00e1llt mellette. \u00c9lete jobbik felek\u00e9nt tal\u00e1n t\u00f6bb \u00e9vvel is meghosszabb\u00edtotta megf\u00e1radt \u00e9let\u00e9t. Joggal lehetett b\u00fcszke Emese l\u00e1ny\u00e1ra, akkor is, amikor t\u00f6rt\u00e9nelem-latin szakos tan\u00e1rk\u00e9nt beker\u00fclt a baptista \u00e9s evang\u00e9likus teol\u00f3gi\u00e1ra latint tan\u00edtani, valamint l\u00e1nya meg\u00edrhatta, kiadhatta latin tank\u00f6nyv\u00e9t.<\/p>\n\n\n\n<p>Vakok Vil\u00e1ga, 1997 m\u00e1rcius.<\/p>\n","protected":false},"excerpt":{"rendered":"<p> <a class=\"continue-reading-link\" href=\"https:\/\/www.vakisk.hu\/?page_id=2505\">Tov\u00e1bb <span class=\"meta-nav\">&rarr; <\/span><\/a><\/p>\n","protected":false},"author":1,"featured_media":0,"parent":2482,"menu_order":0,"comment_status":"open","ping_status":"closed","template":"","meta":{"footnotes":""},"class_list":["post-2505","page","type-page","status-publish","hentry"],"_links":{"self":[{"href":"https:\/\/www.vakisk.hu\/index.php?rest_route=\/wp\/v2\/pages\/2505","targetHints":{"allow":["GET"]}}],"collection":[{"href":"https:\/\/www.vakisk.hu\/index.php?rest_route=\/wp\/v2\/pages"}],"about":[{"href":"https:\/\/www.vakisk.hu\/index.php?rest_route=\/wp\/v2\/types\/page"}],"author":[{"embeddable":true,"href":"https:\/\/www.vakisk.hu\/index.php?rest_route=\/wp\/v2\/users\/1"}],"replies":[{"embeddable":true,"href":"https:\/\/www.vakisk.hu\/index.php?rest_route=%2Fwp%2Fv2%2Fcomments&post=2505"}],"version-history":[{"count":0,"href":"https:\/\/www.vakisk.hu\/index.php?rest_route=\/wp\/v2\/pages\/2505\/revisions"}],"up":[{"embeddable":true,"href":"https:\/\/www.vakisk.hu\/index.php?rest_route=\/wp\/v2\/pages\/2482"}],"wp:attachment":[{"href":"https:\/\/www.vakisk.hu\/index.php?rest_route=%2Fwp%2Fv2%2Fmedia&parent=2505"}],"curies":[{"name":"wp","href":"https:\/\/api.w.org\/{rel}","templated":true}]}}